{"id":3801,"date":"2026-08-24T12:46:05","date_gmt":"2026-08-24T12:46:05","guid":{"rendered":"https:\/\/collinesdeprovence.ch\/?post_type=product&#038;p=3801"},"modified":"2026-08-24T12:46:05","modified_gmt":"2026-08-24T12:46:05","slug":"the-blanc-coffret-bougie-180g-parfum-dinterieur","status":"publish","type":"product","link":"https:\/\/collinesdeprovence.ch\/en\/product\/the-blanc-coffret-bougie-180g-parfum-dinterieur\/","title":{"rendered":"Th\u00e9 Blanc &#8211; Coffret Bougie 180g &#038; Parfum d&rsquo;int\u00e9rieur"},"content":{"rendered":"<p>Le Coffret Bougie &amp; Parfum d\u2019Int\u00e9rieur Th\u00e9 Blanc d\u00e9voile une senteur subtile et enveloppante, o\u00f9 la fra\u00eecheur des agrumes s\u2019accorde \u00e0 la tendresse d\u2019un c\u0153ur floral et fruit\u00e9.<\/p>\n<p>Les notes de t\u00eate p\u00e9tillantes de bergamote, d\u2019orange et de citron ouvrent la composition sur un \u00e9clat lumineux. En c\u0153ur, un accord d\u00e9licat de th\u00e9, rose et prune offre une sensation de puret\u00e9 et de douceur. Le fond chaud et soyeux m\u00eale santal, vanille, f\u00e8ve tonka et musc, pour un sillage apaisant et \u00e9l\u00e9gant.<\/p>\n<p>Pr\u00e9sent\u00e9 dans un \u00e9crin d\u00e9coratif orn\u00e9 de cuivrage \u00e0 chaud, ce coffret r\u00e9unit deux cr\u00e9ations artisanales sign\u00e9es Collines de Provence : une bougie parfum\u00e9e et un parfum d\u2019ambiance au sillage d\u00e9licat et raffin\u00e9. Un v\u00e9ritable coffret cadeau pour offrir un moment de s\u00e9r\u00e9nit\u00e9 et de bien-\u00eatre, symbole du savoir-faire proven\u00e7al et d\u2019une naturalit\u00e9 \u00e9l\u00e9gante.<\/p>\n<p>&nbsp;<\/p>\n<p>Le parfum Th\u00e9 Blanc appartient \u00e0 la famille olfactive fleurie :<br \/>\nNote de T\u00eate : Bergamote, orange, Citron<br \/>\nNote de C\u0153ur : Th\u00e9, Rose, Prune, Petit-grain<br \/>\nNote de Fond : Santal, Vanille, Tonka, Musc<\/p>","protected":false},"excerpt":{"rendered":"<div id=\"product-description-short-1589\" class=\"rte-content product-description\">\n<p>Laissez-vous s\u00e9duire par l\u2019\u00e9l\u00e9gance d\u00e9licate du Coffret Th\u00e9 Blanc, alliant bougie parfum\u00e9e et parfum d\u2019int\u00e9rieur \u00e0 la senteur florale et apaisante. Son \u00e9crin d\u00e9coratif orn\u00e9 de cuivrage \u00e0 chaud en fait un cadeau raffin\u00e9, id\u00e9al pour parfumer la maison d\u2019une douce harmonie.<\/p>\n<\/div>\n<div class=\"product-actions\">\n<form id=\"add-to-cart-or-refresh\" action=\"https:\/\/www.collinesdeprovence.com\/panier\" method=\"post\">\n<div class=\"product-variants\"><\/div>\n<p><span class=\"small-h1\">100 ml<br \/>\n180 gr<\/span><\/form>\n<\/div>","protected":false},"featured_media":3803,"comment_status":"open","ping_status":"closed","template":"","meta":[],"product_brand":[],"product_cat":[157,87,135],"product_tag":[],"class_list":["post-3801","product","type-product","status-publish","has-post-thumbnail","product_cat-coffrets","product_cat-les-naturelles","product_cat-the-blanc-les-naturelles","first","instock","taxable","shipping-taxable","purchasable","product-type-simple"],"_links":{"self":[{"href":"https:\/\/collinesdeprovence.ch\/en\/wp-json\/wp\/v2\/product\/3801","targetHints":{"allow":["GET"]}}],"collection":[{"href":"https:\/\/collinesdeprovence.ch\/en\/wp-json\/wp\/v2\/product"}],"about":[{"href":"https:\/\/collinesdeprovence.ch\/en\/wp-json\/wp\/v2\/types\/product"}],"replies":[{"embeddable":true,"href":"https:\/\/collinesdeprovence.ch\/en\/wp-json\/wp\/v2\/comments?post=3801"}],"wp:featuredmedia":[{"embeddable":true,"href":"https:\/\/collinesdeprovence.ch\/en\/wp-json\/wp\/v2\/media\/3803"}],"wp:attachment":[{"href":"https:\/\/collinesdeprovence.ch\/en\/wp-json\/wp\/v2\/media?parent=3801"}],"wp:term":[{"taxonomy":"product_brand","embeddable":true,"href":"https:\/\/collinesdeprovence.ch\/en\/wp-json\/wp\/v2\/product_brand?post=3801"},{"taxonomy":"product_cat","embeddable":true,"href":"https:\/\/collinesdeprovence.ch\/en\/wp-json\/wp\/v2\/product_cat?post=3801"},{"taxonomy":"product_tag","embeddable":true,"href":"https:\/\/collinesdeprovence.ch\/en\/wp-json\/wp\/v2\/product_tag?post=3801"}],"curies":[{"name":"wp","href":"https:\/\/api.w.org\/{rel}","templated":true}]}}