{"id":3804,"date":"2026-08-24T12:50:27","date_gmt":"2026-08-24T12:50:27","guid":{"rendered":"https:\/\/collinesdeprovence.ch\/?post_type=product&#038;p=3804"},"modified":"2026-08-24T12:50:28","modified_gmt":"2026-08-24T12:50:28","slug":"mandarine-yuzu-coffret-bougie-180g-parfum-dinterieur","status":"publish","type":"product","link":"https:\/\/collinesdeprovence.ch\/en\/product\/mandarine-yuzu-coffret-bougie-180g-parfum-dinterieur\/","title":{"rendered":"Mandarine &#038; Yuzu &#8211; Coffret Bougie 180g &#038; Parfum d&rsquo;int\u00e9rieur"},"content":{"rendered":"<p>Le parfum Mandarine &amp; Yuzu appartient \u00e0 la famille olfactive hesp\u00e9rid\u00e9 :<br \/>\nNote de T\u00eate : Mandarine, Yuzu, Pamplemousse<br \/>\nNote de C\u0153ur : Pomme, Jasmin, Freesia<br \/>\nNote de Fond : Santal, Elemi, Musc<\/p>","protected":false},"excerpt":{"rendered":"<div id=\"product-description-short-1590\" class=\"rte-content product-description\">\n<p>Offrez\u00a0 le Coffret Mandarine &amp; Yuzu, r\u00e9unissant une bougie parfum\u00e9e et un parfum d\u2019int\u00e9rieur \u00e0 la senteur p\u00e9tillante et ensoleill\u00e9e. Pr\u00e9sent\u00e9 dans un \u00e9crin d\u00e9coratif orn\u00e9 de cuivrage \u00e0 chaud et aux accents orang\u00e9s, c\u2019est le cadeau parfait pour illuminer la maison de fra\u00eecheur et de vitalit\u00e9.<\/p>\n<\/div>\n<div class=\"product-actions\">\n<form id=\"add-to-cart-or-refresh\" action=\"https:\/\/www.collinesdeprovence.com\/panier\" method=\"post\"><span class=\"small-h1\">100 ml<br \/>\n180 gr<\/span><\/form>\n<\/div>","protected":false},"featured_media":3807,"comment_status":"open","ping_status":"closed","template":"","meta":[],"product_brand":[],"product_cat":[157,96,117],"product_tag":[],"class_list":["post-3804","product","type-product","status-publish","has-post-thumbnail","product_cat-coffrets","product_cat-duo-parfums","product_cat-mandarine-yuzu-duo-parfums","first","instock","taxable","shipping-taxable","purchasable","product-type-simple"],"_links":{"self":[{"href":"https:\/\/collinesdeprovence.ch\/en\/wp-json\/wp\/v2\/product\/3804","targetHints":{"allow":["GET"]}}],"collection":[{"href":"https:\/\/collinesdeprovence.ch\/en\/wp-json\/wp\/v2\/product"}],"about":[{"href":"https:\/\/collinesdeprovence.ch\/en\/wp-json\/wp\/v2\/types\/product"}],"replies":[{"embeddable":true,"href":"https:\/\/collinesdeprovence.ch\/en\/wp-json\/wp\/v2\/comments?post=3804"}],"wp:featuredmedia":[{"embeddable":true,"href":"https:\/\/collinesdeprovence.ch\/en\/wp-json\/wp\/v2\/media\/3807"}],"wp:attachment":[{"href":"https:\/\/collinesdeprovence.ch\/en\/wp-json\/wp\/v2\/media?parent=3804"}],"wp:term":[{"taxonomy":"product_brand","embeddable":true,"href":"https:\/\/collinesdeprovence.ch\/en\/wp-json\/wp\/v2\/product_brand?post=3804"},{"taxonomy":"product_cat","embeddable":true,"href":"https:\/\/collinesdeprovence.ch\/en\/wp-json\/wp\/v2\/product_cat?post=3804"},{"taxonomy":"product_tag","embeddable":true,"href":"https:\/\/collinesdeprovence.ch\/en\/wp-json\/wp\/v2\/product_tag?post=3804"}],"curies":[{"name":"wp","href":"https:\/\/api.w.org\/{rel}","templated":true}]}}